{"id":195,"date":"2023-10-17T16:22:44","date_gmt":"2023-10-17T14:22:44","guid":{"rendered":"http:\/\/cplbergamo.liceomascheroni.it\/?page_id=195"},"modified":"2024-10-08T19:45:01","modified_gmt":"2024-10-08T17:45:01","slug":"chi-siamo","status":"publish","type":"page","link":"https:\/\/cplbergamo.liceomascheroni.it\/?page_id=195","title":{"rendered":"CHI SIAMO"},"content":{"rendered":"\n<p>L&#8217;Istituto capofila della rete, per il triennio 2023-2025, \u00e8 il liceo scientifico &#8220;Lorenzo Mascheroni&#8221; che succede all&#8217;istituto &#8220;Giulio Natta&#8221;. Il CPL di Bergamo fa capo ad una rete di 45 scuole, di ogni ordine e grado, appartenenti agli ambiti territoriali individuati sul territorio provinciale di Bergamo e di 12 enti o associazioni bergamasche.<\/p>\n\n\n\n<p>La finalit\u00e0 del CPL di Bergamo \u00e8 quella di promuovere la cultura della legalit\u00e0 attraverso iniziative di formazione e di informazione relative ai temi della corruzione e della criminalit\u00e0 organizzata.<\/p>\n\n\n\n<p>La funzione \u00e8 quella di costituire un presidio territoriale in grado di incentivare e coordinare le diverse azioni che sia le istituzioni scolastiche sia gli enti presenti sul territorio organizzano in materia di legalit\u00e0.<\/p>\n\n\n\n<p>SCUOLE ADERENTI<\/p>\n\n\n\n<ul class=\"wp-block-list\">\n<li><a href=\"https:\/\/www.icpetteni.edu.it\/\">I.C. &#8220;Giuliano Donati Petteni&#8221;<\/a><\/li>\n\n\n\n<li><a href=\"https:\/\/www.iccamozzi.edu.it\/\">I.C. \u201cGabriele Camozzi\u201d<\/a><\/li>\n\n\n\n<li><a href=\"https:\/\/www.icmazzi.edu.it\/\">I.C. \u201cA. Mazzi\u201d<\/a><\/li>\n\n\n\n<li><a href=\"https:\/\/www.iccalcinate.edu.it\/\">I.C. \u201cAldo Moro\u201d<\/a><\/li>\n\n\n\n<li><a href=\"https:\/\/www.iczanica.edu.it\/\">I.C. Zanica<\/a><\/li>\n\n\n\n<li><a href=\"https:\/\/www.iccarvico.edu.it\/\">I.C. \u201cEnrico Fermi\u201d<\/a><\/li>\n\n\n\n<li><a href=\"https:\/\/www.icsorisole.edu.it\/\">I.C. \u201cAntonio Lanfranchi\u201d<\/a><\/li>\n\n\n\n<li><a href=\"http:\/\/IC \u201cDante Alighieri\u201d\">I.C. \u201cDante Alighieri\u201d<\/a><\/li>\n\n\n\n<li><a href=\"https:\/\/www.icverdellino.edu.it\/\">I.C. \u201cVerdellino-Zingonia\u201d<\/a><\/li>\n\n\n\n<li><a href=\"https:\/\/icvilla.edu.it\/\">I.C. \u201cVilla d\u2019Alm\u00e9\u201d<\/a><\/li>\n\n\n\n<li><a href=\"https:\/\/www.icpontenossa.edu.it\/\">I.C. Ponte Nossa<\/a><\/li>\n\n\n\n<li><a href=\"https:\/\/www.iccalcio.edu.it\/\">I.C. \u201cMartiri della Resistenza\u201d<\/a><\/li>\n\n\n\n<li><a href=\"https:\/\/www.iccaroli.edu.it\/\">I.C. \u201cC. Caroli\u201d<\/a><\/li>\n\n\n\n<li><a href=\"https:\/\/liceomascheroni.it\">Liceo &#8220;Lorenzo Mascheroni&#8221;<\/a><\/li>\n\n\n\n<li><a href=\"https:\/\/www.nattabg.edu.it\/\">I.S.I.S. \u201cGiulio Natta\u201d<\/a><\/li>\n\n\n\n<li><a href=\"https:\/\/liceosarpi.bg.it\/\">Liceo Classico &#8220;Paolo Sarpi&#8221;<\/a><\/li>\n\n\n\n<li><a href=\"https:\/\/www.liceofalconebg.edu.it\/\">Liceo Linguistico \u201cGiovanni Falcone\u201d<\/a><\/li>\n\n\n\n<li><a href=\"https:\/\/www.istitutocaniana.edu.it\/\">I.I.S. \u201cCaterina Caniana\u201d<\/a><\/li>\n\n\n\n<li><a href=\"https:\/\/www.iisrigonistern.it\/\">I.I.S. \u201cMario Rigoni Stern\u201d<\/a><\/li>\n\n\n\n<li><a href=\"https:\/\/www.isbelotti.edu.it\/\">I.S. \u201cBortolo Belotti\u201d<\/a><\/li>\n\n\n\n<li><a href=\"https:\/\/www.vittorioemanuele.edu.it\/\">I.T.C.T.S. \u201cVittorio Emanuele II\u201d<\/a><\/li>\n\n\n\n<li><a href=\"https:\/\/www.istitutoquarenghi.edu.it\/\">I.T.S. \u201cGiacomo Quarenghi\u201d<\/a><\/li>\n\n\n\n<li><a href=\"https:\/\/www.liceolussana.edu.it\/\">Liceo Scientifico \u201cFilippo Lussana\u201d<\/a><\/li>\n\n\n\n<li><a href=\"https:\/\/www.lasbg.it\/\">Liceo Artistico &#8220;Giacomo e Pio Manz\u00f9&#8221;<\/a><\/li>\n\n\n\n<li><a href=\"https:\/\/www.suardo.edu.it\/\">Liceo &#8220;Paolina Secco Suardo&#8221;<\/a><\/li>\n\n\n\n<li><a href=\"https:\/\/www.istitutoguidogalli.edu.it\/\">I.S. &#8220;Guido Galli&#8221;<\/a><\/li>\n\n\n\n<li><a href=\"https:\/\/liceogalilei.edu.it\/\">Liceo \u201cGalileo Galilei&#8221;<\/a><\/li>\n\n\n\n<li><a href=\"https:\/\/www.isiseinaudi.edu.it\/\">I.S.I.S. \u201cLuigi Einaudi\u201d<\/a><\/li>\n\n\n\n<li><a href=\"https:\/\/itisdalmine.edu.it\/\">I.T.I. &#8220;Guglielmo Marconi&#8221;<\/a><\/li>\n\n\n\n<li><a href=\"https:\/\/www.bettyambiveri.edu.it\/\">I.S.I.S. \u201cBetty Ambiveri\u201d<\/a><\/li>\n\n\n\n<li><a href=\"https:\/\/www.maironidaponte.edu.it\/\">I.I.S.S. \u201cMaironi da Ponte\u201d<\/a><\/li>\n\n\n\n<li><a href=\"https:\/\/www.istitutoturoldo.edu.it\/\">I.I.S.S. \u201cDavid Maria Turoldo\u201d<\/a><\/li>\n\n\n\n<li><a href=\"https:\/\/liceodonmilaniromano.edu.it\/\">I.I.S.S. \u201cDon Lorenzo Milani\u201d<\/a><\/li>\n\n\n\n<li><a href=\"https:\/\/gbrubini.edu.it\/\">I.S.S. \u201cGiovan Battista Rubini\u201d<\/a><\/li>\n\n\n\n<li><a href=\"https:\/\/www.alberghierosonzogni.it\">I.P.A. &#8220;Alfredo Sonzogni&#8221;<\/a><\/li>\n\n\n\n<li><a href=\"https:\/\/www.isisromero.it\/\">I.S.I.S. &#8220;Oscar Romero\u201d<\/a><\/li>\n\n\n\n<li><a href=\"https:\/\/www.istitutofantoni.edu.it\/wp\/\">I.I.S.S. \u201cAndrea Fantoni\u201d<\/a><\/li>\n\n\n\n<li><a href=\"https:\/\/www.istitutopesenti.edu.it\/\">I.P.I.A. \u201cCesare Pesenti\u201d<\/a><\/li>\n\n\n\n<li><a href=\"https:\/\/liceofederici.edu.it\">I.I.S. \u201cLorenzo Federici\u201d<\/a><\/li>\n\n\n\n<li><a href=\"https:\/\/islotto.edu.it\/\">I.S. \u201cLorenzo Lotto&#8221;<\/a><\/li>\n\n\n\n<li><a href=\"https:\/\/oberdan.edu.it\/\">I.S.I.S. &#8220;Guglielmo Oberdan&#8221;<\/a><\/li>\n\n\n\n<li><a href=\"https:\/\/www.isarchimede.edu.it\/\">I.S. \u201cPolo Archimede&#8221;<\/a><\/li>\n\n\n\n<li><a href=\"https:\/\/www.zenale.edu.it\/\">I.S.I.S. \u201cZenale e Butinone\u201d<\/a><\/li>\n\n\n\n<li><a href=\"https:\/\/ettoremajorana.edu.it\">I.I.S.S. \u201cEttore Majorana\u201d<\/a><\/li>\n\n\n\n<li><a href=\"https:\/\/www.centrostudi.it\/\">Centro studi &#8220;Leonardo da Vinci&#8221;<\/a><\/li>\n<\/ul>\n\n\n\n<p>ENTI E ASSOCIAZIONI<\/p>\n\n\n\n<ul class=\"wp-block-list\">\n<li><a href=\"https:\/\/www.comune.bergamo.it\/\">Comune di Bergamo<\/a><\/li>\n\n\n\n<li><a href=\"https:\/\/www.provincia.bergamo.it\/hh\/index.php\">Provincia di Bergamo<\/a><\/li>\n\n\n\n<li><a href=\"http:\/\/ordineavvocatibergamo.it\">Ordine&nbsp; Avvocati di Bergamo<\/a><\/li>\n\n\n\n<li><a href=\"http:\/\/architettibergamo.it\">Ordine Architetti di Bergamo<\/a><\/li>\n\n\n\n<li><a href=\"https:\/\/www.carcereterritoriobg.it\/\">Carcere e Territorio<\/a><\/li>\n\n\n\n<li><a href=\"https:\/\/www.tribunale.bergamo.it\/\">Tribunale di Bergamo<\/a><\/li>\n\n\n\n<li><a href=\"https:\/\/www.csvlombardia.it\/bergamo\/\">CSV Bergamo &#8211; Centro di Servizio per il Volontariato di Bergamo ETS<\/a><\/li>\n\n\n\n<li><a href=\"https:\/\/cisl-bergamo.it\/\">UST CISL Bergamo<\/a><\/li>\n\n\n\n<li><a href=\"https:\/\/www.cgil.bergamo.it\/\">CGIL Bergamo<\/a><\/li>\n\n\n\n<li><a href=\"https:\/\/www.ascombg.it\/\">Ascom Confcommercio Bergamo<\/a><\/li>\n\n\n\n<li><a href=\"https:\/\/www.comune.bergamo.it\/unita-organizzativa\/coordinamento-provinciale-bergamasco-enti-locali-per-la-pace\">Coordinamento provinciale bergamasco enti locali per la pace e i diritti umani<\/a><\/li>\n\n\n\n<li><a href=\"https:\/\/fondazionezaninoni.org\/\">A.J. Zaninoni<\/a><\/li>\n<\/ul>\n\n\n<div class=\"wp-block-image\">\n<figure class=\"alignright size-full is-resized\"><img loading=\"lazy\" decoding=\"async\" width=\"500\" height=\"500\" src=\"https:\/\/cplbergamo.liceomascheroni.it\/wp-content\/uploads\/2024\/10\/Falcone-Borsellino-1-1-1.png\" alt=\"\" class=\"wp-image-932\" style=\"width:257px;height:auto\" srcset=\"https:\/\/cplbergamo.liceomascheroni.it\/wp-content\/uploads\/2024\/10\/Falcone-Borsellino-1-1-1.png 500w, https:\/\/cplbergamo.liceomascheroni.it\/wp-content\/uploads\/2024\/10\/Falcone-Borsellino-1-1-1-300x300.png 300w, https:\/\/cplbergamo.liceomascheroni.it\/wp-content\/uploads\/2024\/10\/Falcone-Borsellino-1-1-1-150x150.png 150w, https:\/\/cplbergamo.liceomascheroni.it\/wp-content\/uploads\/2024\/10\/Falcone-Borsellino-1-1-1-60x60.png 60w, https:\/\/cplbergamo.liceomascheroni.it\/wp-content\/uploads\/2024\/10\/Falcone-Borsellino-1-1-1-116x116.png 116w\" sizes=\"auto, (max-width: 500px) 100vw, 500px\" \/><\/figure>\n<\/div>","protected":false},"excerpt":{"rendered":"<p>L&#8217;Istituto capofila della rete, per il triennio 2023-2025, \u00e8 il liceo scientifico &#8220;Lorenzo Mascheroni&#8221; che succede all&#8217;istituto &#8220;Giulio Natta&#8221;. Il CPL di Bergamo fa capo ad una rete di 45 scuole, di ogni ordine e grado, appartenenti agli ambiti territoriali individuati sul territorio provinciale di Bergamo e di 12 enti o associazioni bergamasche. La finalit\u00e0 [&hellip;]<\/p>\n","protected":false},"author":1,"featured_media":0,"parent":0,"menu_order":0,"comment_status":"closed","ping_status":"closed","template":"","meta":{"footnotes":""},"class_list":["post-195","page","type-page","status-publish","hentry"],"_links":{"self":[{"href":"https:\/\/cplbergamo.liceomascheroni.it\/index.php?rest_route=\/wp\/v2\/pages\/195","targetHints":{"allow":["GET"]}}],"collection":[{"href":"https:\/\/cplbergamo.liceomascheroni.it\/index.php?rest_route=\/wp\/v2\/pages"}],"about":[{"href":"https:\/\/cplbergamo.liceomascheroni.it\/index.php?rest_route=\/wp\/v2\/types\/page"}],"author":[{"embeddable":true,"href":"https:\/\/cplbergamo.liceomascheroni.it\/index.php?rest_route=\/wp\/v2\/users\/1"}],"replies":[{"embeddable":true,"href":"https:\/\/cplbergamo.liceomascheroni.it\/index.php?rest_route=%2Fwp%2Fv2%2Fcomments&post=195"}],"version-history":[{"count":53,"href":"https:\/\/cplbergamo.liceomascheroni.it\/index.php?rest_route=\/wp\/v2\/pages\/195\/revisions"}],"predecessor-version":[{"id":938,"href":"https:\/\/cplbergamo.liceomascheroni.it\/index.php?rest_route=\/wp\/v2\/pages\/195\/revisions\/938"}],"wp:attachment":[{"href":"https:\/\/cplbergamo.liceomascheroni.it\/index.php?rest_route=%2Fwp%2Fv2%2Fmedia&parent=195"}],"curies":[{"name":"wp","href":"https:\/\/api.w.org\/{rel}","templated":true}]}}